{"id":435,"date":"2024-05-16T21:24:01","date_gmt":"2024-05-16T21:24:01","guid":{"rendered":"https:\/\/app-66266e52c1ac188f088b7c7d.closte.com\/?post_type=szakerto&#038;p=435"},"modified":"2024-06-13T16:04:38","modified_gmt":"2024-06-13T16:04:38","slug":"dr-fabian-aliz","status":"publish","type":"szakertok","link":"https:\/\/wts-legal.hu\/de\/szakertok\/dr-fabian-aliz\/","title":{"rendered":"Dr. Aliz F\u00e1bi\u00e1n"},"content":{"rendered":"<p>Aliz F\u00e1bi\u00e1n unterst\u00fctzt die Mandanten in erster Linie in arbeitsrechtlichen und gesellschaftsrechtlichen Angelegenheiten. Sie verf\u00fcgt \u00fcber Erfahrungen in Anfertigung und \u00dcberpr\u00fcfung von arbeitsrechtlichen Dokumenten, in alternativen Streitbelegungsverfahren und Verhandlungen f\u00fcr Vorbeugen oder Vermeidung von Zivilprozessen. Aliz nimmt teil an Vorbereitung von gesellschaftsrechtlichen Dokumenten, M&amp;A Dokumentation und Vertr\u00e4gen.<\/p>\n\n\n\n<h2 class=\"wp-block-heading\">Werdegang:<\/h2>\n\n\n\n<ul class=\"wp-block-list\">\n<li>Studium der Rechtswissenschaften an der Lor\u00e1nd E\u00f6tv\u00f6s Universit\u00e4t (Budapest, Ungarn)<\/li>\n\n\n\n<li>Erasmus-Stipendium an der Universit\u00e4t Bergen (Norwegen)<\/li>\n\n\n\n<li>PhD-Studien an der Wissenschaftsuniversit\u00e4t Lor\u00e1nd E\u00f6tv\u00f6s, Budapest (Lehrstuhl f\u00fcr Arbeitsrecht und Sozialrecht) \/ im Gange<\/li>\n\n\n\n<li>R\u00e9zler Gyula Stipendium an der Universit\u00e4t in Neu-Mexico im Bereich Arbeitsrecht und alternativen Streitbelegung, Vereinigte Staaten von Amerika<\/li>\n\n\n\n<li>2021-2022 Rechtsanwaltssoziet\u00e4t von PROVARIS Varga &amp; Partners<\/li>\n\n\n\n<li>2023-2024 Rechtsanwaltskanzlei Szopk\u00f3n\u00e9 dr. Horv\u00e1th Ildik\u00f3, assoziierte Rechtsanwaltskanzlei von WTS Klient Firmengruppe<\/li>\n\n\n\n<li>Zugelassen als Rechtsanwaltsanw\u00e4rterin bei der Rechtsanwaltskammer Budapest<\/li>\n<\/ul>","protected":false},"author":2,"featured_media":436,"parent":0,"template":"","meta":{"_acf_changed":true},"class_list":["post-435","szakertok","type-szakertok","status-publish","has-post-thumbnail","hentry"],"acf":{"company":"WTS Legal \u00dcgyv\u00e9di T\u00e1rsul\u00e1s","pozicio":"\u00dcgyv\u00e9djel\u00f6lt","city":"1143 Budapest","address":"Stef\u00e1nia \u00fat 101-103.","telefon":"+36 20 477 8408","email":"aliz.fabian@wts-legal.hu","linkedin":"https:\/\/www.linkedin.com\/in\/aliz-f%C3%A1bi%C3%A1n-8b17a6313\/","szakterulet":"","idezet":"A lelkesed\u00e9s dikt\u00e1lja az iramot, de a kitart\u00e1s \u00e9ri el a c\u00e9lt.","idezet_2":"","idezet_3":""},"yoast_head":"<!-- This site is optimized with the Yoast SEO plugin v27.5 - https:\/\/yoast.com\/product\/yoast-seo-wordpress\/ -->\n<title>Dr. F\u00e1bi\u00e1n Aliz - WTS Legal<\/title>\n<meta name=\"robots\" content=\"index, follow, max-snippet:-1, max-image-preview:large, max-video-preview:-1\" \/>\n<link rel=\"canonical\" href=\"https:\/\/wts-legal.hu\/de\/experten\/dr-fabian-aliz\/\" \/>\n<meta property=\"og:locale\" content=\"de_DE\" \/>\n<meta property=\"og:type\" content=\"article\" \/>\n<meta property=\"og:title\" content=\"Dr. F\u00e1bi\u00e1n Aliz - WTS Legal\" \/>\n<meta property=\"og:description\" content=\"F\u00e1bi\u00e1n Aliz els\u0151dlegesen munkajoggal \u00e9s t\u00e1rsas\u00e1gi joggal kapcsolatos \u00fcgyekben ny\u00fajt t\u00e1mogat\u00e1st az \u00fcgyfeleknek. Tapasztalattal rendelkezik munkajogi dokumentumok k\u00e9sz\u00edt\u00e9s\u00e9ben \u00e9s v\u00e9lem\u00e9nyez\u00e9s\u00e9ben, valamint a peres elj\u00e1r\u00e1s megel\u0151z\u00e9s\u00e9t vagy elker\u00fcl\u00e9s\u00e9t c\u00e9lz\u00f3 alternat\u00edv vitarendez\u00e9si elj\u00e1r\u00e1sokban, t\u00e1rgyal\u00e1sokban. F\u00e1bi\u00e1n Aliz r\u00e9szt vesz t\u00e1rsas\u00e1gi jogi \u00e9s M&amp;A dokumentumok, tov\u00e1bb\u00e1 szerz\u0151d\u00e9sek el\u0151k\u00e9sz\u00edt\u00e9s\u00e9ben. Szakmai p\u00e1lyafut\u00e1s:\" \/>\n<meta property=\"og:url\" content=\"https:\/\/wts-legal.hu\/de\/experten\/dr-fabian-aliz\/\" \/>\n<meta property=\"og:site_name\" content=\"WTS Legal\" \/>\n<meta property=\"article:modified_time\" content=\"2024-06-13T16:04:38+00:00\" \/>\n<meta property=\"og:image\" content=\"https:\/\/wts-legal.hu\/wp-content\/uploads\/2024\/06\/Fabian_Aliz_WTS_Legal.jpg\" \/>\n\t<meta property=\"og:image:width\" content=\"500\" \/>\n\t<meta property=\"og:image:height\" content=\"500\" \/>\n\t<meta property=\"og:image:type\" content=\"image\/jpeg\" \/>\n<meta name=\"twitter:card\" content=\"summary_large_image\" \/>\n<meta name=\"twitter:label1\" content=\"Gesch\u00e4tzte Lesezeit\" \/>\n\t<meta name=\"twitter:data1\" content=\"1\u00a0Minute\" \/>\n<script type=\"application\/ld+json\" class=\"yoast-schema-graph\">{\"@context\":\"https:\\\/\\\/schema.org\",\"@graph\":[{\"@type\":\"WebPage\",\"@id\":\"https:\\\/\\\/wts-legal.hu\\\/szakertok\\\/dr-fabian-aliz\\\/\",\"url\":\"https:\\\/\\\/wts-legal.hu\\\/szakertok\\\/dr-fabian-aliz\\\/\",\"name\":\"Dr. F\u00e1bi\u00e1n Aliz - WTS Legal\",\"isPartOf\":{\"@id\":\"https:\\\/\\\/wts-legal.hu\\\/#website\"},\"primaryImageOfPage\":{\"@id\":\"https:\\\/\\\/wts-legal.hu\\\/szakertok\\\/dr-fabian-aliz\\\/#primaryimage\"},\"image\":{\"@id\":\"https:\\\/\\\/wts-legal.hu\\\/szakertok\\\/dr-fabian-aliz\\\/#primaryimage\"},\"thumbnailUrl\":\"https:\\\/\\\/wts-legal.hu\\\/wp-content\\\/uploads\\\/2024\\\/06\\\/Fabian_Aliz_WTS_Legal.jpg\",\"datePublished\":\"2024-05-16T21:24:01+00:00\",\"dateModified\":\"2024-06-13T16:04:38+00:00\",\"breadcrumb\":{\"@id\":\"https:\\\/\\\/wts-legal.hu\\\/szakertok\\\/dr-fabian-aliz\\\/#breadcrumb\"},\"inLanguage\":\"de\",\"potentialAction\":[{\"@type\":\"ReadAction\",\"target\":[\"https:\\\/\\\/wts-legal.hu\\\/szakertok\\\/dr-fabian-aliz\\\/\"]}]},{\"@type\":\"ImageObject\",\"inLanguage\":\"de\",\"@id\":\"https:\\\/\\\/wts-legal.hu\\\/szakertok\\\/dr-fabian-aliz\\\/#primaryimage\",\"url\":\"https:\\\/\\\/wts-legal.hu\\\/wp-content\\\/uploads\\\/2024\\\/06\\\/Fabian_Aliz_WTS_Legal.jpg\",\"contentUrl\":\"https:\\\/\\\/wts-legal.hu\\\/wp-content\\\/uploads\\\/2024\\\/06\\\/Fabian_Aliz_WTS_Legal.jpg\",\"width\":500,\"height\":500,\"caption\":\"Fabian Aliz Wts Legal\"},{\"@type\":\"BreadcrumbList\",\"@id\":\"https:\\\/\\\/wts-legal.hu\\\/szakertok\\\/dr-fabian-aliz\\\/#breadcrumb\",\"itemListElement\":[{\"@type\":\"ListItem\",\"position\":1,\"name\":\"Kezd\u0151lap\",\"item\":\"https:\\\/\\\/wts-legal.hu\\\/\"},{\"@type\":\"ListItem\",\"position\":2,\"name\":\"Szak\u00e9rt\u0151k\",\"item\":\"https:\\\/\\\/wts-legal.hu\\\/szakertok\\\/\"},{\"@type\":\"ListItem\",\"position\":3,\"name\":\"Dr. F\u00e1bi\u00e1n Aliz\"}]},{\"@type\":\"WebSite\",\"@id\":\"https:\\\/\\\/wts-legal.hu\\\/#website\",\"url\":\"https:\\\/\\\/wts-legal.hu\\\/\",\"name\":\"WTS Legal\",\"description\":\"A WTS Klient egy\u00fcttm\u0171k\u00f6d\u0151 partnere\",\"potentialAction\":[{\"@type\":\"SearchAction\",\"target\":{\"@type\":\"EntryPoint\",\"urlTemplate\":\"https:\\\/\\\/wts-legal.hu\\\/?s={search_term_string}\"},\"query-input\":{\"@type\":\"PropertyValueSpecification\",\"valueRequired\":true,\"valueName\":\"search_term_string\"}}],\"inLanguage\":\"de\"}]}<\/script>\n<!-- \/ Yoast SEO plugin. -->","yoast_head_json":{"title":"Dr. F\u00e1bi\u00e1n Aliz - WTS Legal","robots":{"index":"index","follow":"follow","max-snippet":"max-snippet:-1","max-image-preview":"max-image-preview:large","max-video-preview":"max-video-preview:-1"},"canonical":"https:\/\/wts-legal.hu\/de\/experten\/dr-fabian-aliz\/","og_locale":"de_DE","og_type":"article","og_title":"Dr. F\u00e1bi\u00e1n Aliz - WTS Legal","og_description":"F\u00e1bi\u00e1n Aliz els\u0151dlegesen munkajoggal \u00e9s t\u00e1rsas\u00e1gi joggal kapcsolatos \u00fcgyekben ny\u00fajt t\u00e1mogat\u00e1st az \u00fcgyfeleknek. Tapasztalattal rendelkezik munkajogi dokumentumok k\u00e9sz\u00edt\u00e9s\u00e9ben \u00e9s v\u00e9lem\u00e9nyez\u00e9s\u00e9ben, valamint a peres elj\u00e1r\u00e1s megel\u0151z\u00e9s\u00e9t vagy elker\u00fcl\u00e9s\u00e9t c\u00e9lz\u00f3 alternat\u00edv vitarendez\u00e9si elj\u00e1r\u00e1sokban, t\u00e1rgyal\u00e1sokban. F\u00e1bi\u00e1n Aliz r\u00e9szt vesz t\u00e1rsas\u00e1gi jogi \u00e9s M&amp;A dokumentumok, tov\u00e1bb\u00e1 szerz\u0151d\u00e9sek el\u0151k\u00e9sz\u00edt\u00e9s\u00e9ben. Szakmai p\u00e1lyafut\u00e1s:","og_url":"https:\/\/wts-legal.hu\/de\/experten\/dr-fabian-aliz\/","og_site_name":"WTS Legal","article_modified_time":"2024-06-13T16:04:38+00:00","og_image":[{"width":500,"height":500,"url":"https:\/\/wts-legal.hu\/wp-content\/uploads\/2024\/06\/Fabian_Aliz_WTS_Legal.jpg","type":"image\/jpeg"}],"twitter_card":"summary_large_image","twitter_misc":{"Gesch\u00e4tzte Lesezeit":"1\u00a0Minute"},"schema":{"@context":"https:\/\/schema.org","@graph":[{"@type":"WebPage","@id":"https:\/\/wts-legal.hu\/szakertok\/dr-fabian-aliz\/","url":"https:\/\/wts-legal.hu\/szakertok\/dr-fabian-aliz\/","name":"Dr. F\u00e1bi\u00e1n Aliz - WTS Legal","isPartOf":{"@id":"https:\/\/wts-legal.hu\/#website"},"primaryImageOfPage":{"@id":"https:\/\/wts-legal.hu\/szakertok\/dr-fabian-aliz\/#primaryimage"},"image":{"@id":"https:\/\/wts-legal.hu\/szakertok\/dr-fabian-aliz\/#primaryimage"},"thumbnailUrl":"https:\/\/wts-legal.hu\/wp-content\/uploads\/2024\/06\/Fabian_Aliz_WTS_Legal.jpg","datePublished":"2024-05-16T21:24:01+00:00","dateModified":"2024-06-13T16:04:38+00:00","breadcrumb":{"@id":"https:\/\/wts-legal.hu\/szakertok\/dr-fabian-aliz\/#breadcrumb"},"inLanguage":"de","potentialAction":[{"@type":"ReadAction","target":["https:\/\/wts-legal.hu\/szakertok\/dr-fabian-aliz\/"]}]},{"@type":"ImageObject","inLanguage":"de","@id":"https:\/\/wts-legal.hu\/szakertok\/dr-fabian-aliz\/#primaryimage","url":"https:\/\/wts-legal.hu\/wp-content\/uploads\/2024\/06\/Fabian_Aliz_WTS_Legal.jpg","contentUrl":"https:\/\/wts-legal.hu\/wp-content\/uploads\/2024\/06\/Fabian_Aliz_WTS_Legal.jpg","width":500,"height":500,"caption":"Fabian Aliz Wts Legal"},{"@type":"BreadcrumbList","@id":"https:\/\/wts-legal.hu\/szakertok\/dr-fabian-aliz\/#breadcrumb","itemListElement":[{"@type":"ListItem","position":1,"name":"Kezd\u0151lap","item":"https:\/\/wts-legal.hu\/"},{"@type":"ListItem","position":2,"name":"Szak\u00e9rt\u0151k","item":"https:\/\/wts-legal.hu\/szakertok\/"},{"@type":"ListItem","position":3,"name":"Dr. F\u00e1bi\u00e1n Aliz"}]},{"@type":"WebSite","@id":"https:\/\/wts-legal.hu\/#website","url":"https:\/\/wts-legal.hu\/","name":"WTS Legal","description":"A WTS Klient egy\u00fcttm\u0171k\u00f6d\u0151 partnere","potentialAction":[{"@type":"SearchAction","target":{"@type":"EntryPoint","urlTemplate":"https:\/\/wts-legal.hu\/?s={search_term_string}"},"query-input":{"@type":"PropertyValueSpecification","valueRequired":true,"valueName":"search_term_string"}}],"inLanguage":"de"}]}},"_links":{"self":[{"href":"https:\/\/wts-legal.hu\/de\/wp-json\/wp\/v2\/szakertok\/435","targetHints":{"allow":["GET"]}}],"collection":[{"href":"https:\/\/wts-legal.hu\/de\/wp-json\/wp\/v2\/szakertok"}],"about":[{"href":"https:\/\/wts-legal.hu\/de\/wp-json\/wp\/v2\/types\/szakertok"}],"author":[{"embeddable":true,"href":"https:\/\/wts-legal.hu\/de\/wp-json\/wp\/v2\/users\/2"}],"wp:featuredmedia":[{"embeddable":true,"href":"https:\/\/wts-legal.hu\/de\/wp-json\/wp\/v2\/media\/436"}],"wp:attachment":[{"href":"https:\/\/wts-legal.hu\/de\/wp-json\/wp\/v2\/media?parent=435"}],"curies":[{"name":"wp","href":"https:\/\/api.w.org\/{rel}","templated":true}]}}